{"id":920,"date":"2018-04-26T09:10:38","date_gmt":"2018-04-26T12:10:38","guid":{"rendered":"https:\/\/www.apaelondrina.com.br\/?page_id=920"},"modified":"2024-02-15T13:27:01","modified_gmt":"2024-02-15T16:27:01","slug":"institucional","status":"publish","type":"page","link":"https:\/\/www.apaelondrina.com.br\/?page_id=920","title":{"rendered":"APAE Londrina &#8211; APAE Londrina"},"content":{"rendered":"<p>[vc_row][vc_column]<div class=\"vc-bootstrap-tabs row\">\n\t\n\t<div class=\"col-xs-12 col-sm-12 col-md-4 col-lg-3\">\n\n\t\t<div class=\"wrap-nav\">\n\n\t\t\t<h4>Conte\u00fados<\/h4>\n\t\t\t\n\t\t\t<ul class=\"nav nav-tabs\" role=\"tablist\">\n\n\t\t        \n<li class=\"nav-tab active\">\n\n    <a href=\"#tab-1-1777220110994\" aria-controls=\"tab-1-1777220110994\" role=\"tab\" data-toggle=\"tab\">\n\n        <i class='zmdi-local-library'><\/i>Hist\u00f3rico    <\/a>\n<\/li>\n\n<li class=\"nav-tab \">\n\n    <a href=\"#tab-2-1777220110698\" aria-controls=\"tab-2-1777220110698\" role=\"tab\" data-toggle=\"tab\">\n\n        <i class='zmdi-flower-alt'><\/i>Miss\u00e3o    <\/a>\n<\/li>\n\n<li class=\"nav-tab \">\n\n    <a href=\"#tab-3-1777220110824\" aria-controls=\"tab-3-1777220110824\" role=\"tab\" data-toggle=\"tab\">\n\n        <i class='zmdi-account'><\/i>Galeria dos Presidentes    <\/a>\n<\/li>\n\n\t\t    <\/ul><!-- Nav tabs -->\n\t    <\/div>\n    <\/div>\n\n    <div class=\"col-xs-12 col-sm-12 col-md-8 col-lg-9\">\n\n\t    <div class=\"tab-content\">\n\n\t        <div role=\"tabpanel\" class=\"tab-pane active\" id=\"tab-1-1777220110994\">[vc_column_text]<\/p>\n<div class=\"vc_tta-panel-body\">\n<div class=\"wpb_text_column wpb_content_element \">\n<div class=\"wpb_wrapper\">\n<h4>Hist\u00f3rico<\/h4>\n<p>Fundada em 28 de agosto de 1964, at\u00e9 1971, teve sua exist\u00eancia apenas estatut\u00e1ria. Inicialmente, a meta era apenas formar profissionais para atuar na \u00e1rea de educa\u00e7\u00e3o especial, mas devido \u00e0 demanda sempre crescente, a nova diretoria, ent\u00e3o empossada, resolveu realizar os objetivos da APAE, fundando uma escola denominada Escola de Educa\u00e7\u00e3o Especial Santa Rita, em 20 de maio de 1972.<\/p>\n<p>A partir de outubro de 2004 motivada pela Portaria n\u00ba 1635, de 12\/09\/2002 \u2013 Minist\u00e9rio da Sa\u00fade, credencia-se junto ao SUS por interm\u00e9dio da Autarquia Municipal de Sa\u00fade e sistematiza seus atendimentos t\u00e9cnicos atrav\u00e9s do Setor de Cl\u00ednicas.<\/p>\n<ul>\n<li><strong>1964 <\/strong>\u2013 28 de agosto \u2013 Funda\u00e7\u00e3o da APAE Londrina.<\/li>\n<li><strong> 1972 <\/strong>\u2013 20 de maio \u2013 Funda\u00e7\u00e3o da Escola Especial Santa Rita.<\/li>\n<li><strong>1982 <\/strong>\u2013 Come\u00e7a a atuar em sede pr\u00f3pria.<\/li>\n<li><strong>2004 <\/strong>\u2013 Credenciamento ao SUS, sistematizando os atendimentos cl\u00ednicos.<\/li>\n<li><strong>2005 <\/strong>\u2013 Conv\u00eanio com a Prefeitura de Londrina \u2013 Projetos de Assist\u00eancia Social.<\/li>\n<\/ul>\n<\/div>\n<\/div>\n<\/div>\n<p>[\/vc_column_text]<\/div><div role=\"tabpanel\" class=\"tab-pane \" id=\"tab-2-1777220110698\">[vc_column_text]<\/p>\n<div class=\"vc_tta-panel-body\">\n<div class=\"wpb_text_column wpb_content_element \">\n<div class=\"wpb_wrapper\">\n<h4>Miss\u00e3o<\/h4>\n<p>Atrav\u00e9s do desenvolvimento e execu\u00e7\u00e3o de programas de atendimento educacional, cl\u00ednico, social entre outros trabalhos e projetos, a APAE de Londrina tem como objetivo promover a melhoria da qualidade de vida das pessoas portadoras de defici\u00eancia, buscando assegurar-lhes o direito a igualdade e o pleno exerc\u00edcio da sua cidadania.<\/p>\n<ul>\n<li>Articular, junto aos poderes p\u00fablicos e entidades privadas, pol\u00edticas que assegurem o pleno exerc\u00edcio dos direitos da pessoa com defici\u00eancia e com outras entidades municipais , regionais e estaduais que defendam a causa da pessoa com defici\u00eancia em qualquer dos seus aspectos;<\/li>\n<li>Atuar na defini\u00e7\u00e3o da pol\u00edtica municipal, regional e estadual de atendimento \u00e0 pessoa com defici\u00eancia, em conson\u00e2ncia com a pol\u00edtica adotada pela federa\u00e7\u00e3o nacional e pela federa\u00e7\u00e3o das APAEs do estado, coordenando e fiscalizando sua execu\u00e7\u00e3o;<\/li>\n<li>Compilar e\/ou divulgar as normas legais e regulamentares federais, estaduais e municipais relativas \u00e0 pessoa com defici\u00eancia, promovendo a a\u00e7\u00e3o dos \u00f3rg\u00e3os competentes no sentido do cumprimento e aperfei\u00e7oamento da legisla\u00e7\u00e3o;<\/li>\n<li>Coordenar e executar na sua \u00e1rea de jurisdi\u00e7\u00e3o, os objetivos, programas e a pol\u00edtica da federa\u00e7\u00e3o das APAEs do estado e da federa\u00e7\u00e3o nacional das APAEs, promovendo, assegurando e defendendo o progresso, o prest\u00edgio, a credibilidade e a unidade org\u00e2nica e filos\u00f3fica do movimento apaeano;<\/li>\n<li>Desenvolver pol\u00edtica de auto defensores, garantindo a sua participa\u00e7\u00e3o efetiva em todos os eventos e n\u00edveis do movimento apaeano.<\/li>\n<li>Divulgar no munic\u00edpio as experi\u00eancias apaeanas;<\/li>\n<li>Encarregar-se, em \u00e2mbito municipal, regional e estadual, da divulga\u00e7\u00e3o de informa\u00e7\u00f5es sobre assuntos referentes \u00e0 pessoa com defici\u00eancia, incentivando a publica\u00e7\u00e3o de trabalhos e obras especializadas;<\/li>\n<li>Estimular, apoiar e defender o desenvolvimento permanente dos servi\u00e7os prestados pela APAE, impondo \u2013 se a observ\u00e2ncia dos mais r\u00edgidos padr\u00f5es de \u00e9tica e de efici\u00eancia, de acordo com o conceito do movimento apaeano;<\/li>\n<li>Prestar servi\u00e7os gratuitos, permanentes e sem qualquer discrimina\u00e7\u00e3o de clientela, na \u00e1rea de defici\u00eancia mental e outras, desde que contempladas na proposta pedag\u00f3gica da escola de educa\u00e7\u00e3o especial, \u00e0queles que deles necessitarem;<\/li>\n<li>Promover a melhoria da qualidade de vida das pessoas com defici\u00eancia mental, buscando assegura-lhes o pleno exerc\u00edcio da cidadania;<\/li>\n<li>Promover e\/ou estimular a realiza\u00e7\u00e3o de estat\u00edstica, estudos e pesquisas em rela\u00e7\u00e3o \u00e0 causa da pessoa com defici\u00eancia, propiciando o avan\u00e7o cient\u00edfico e a permanente forma\u00e7\u00e3o e capacita\u00e7\u00e3o dos profissionais e volunt\u00e1rios da APAE;<\/li>\n<li>Promover e\/ou estimular a realiza\u00e7\u00e3o de programas de atendimento \u00e0 pessoa com defici\u00eancia, desde os de preven\u00e7\u00e3o at\u00e9 os de amparo ao idoso.<\/li>\n<\/ul>\n<\/div>\n<\/div>\n<\/div>\n<p>[\/vc_column_text]<\/div><div role=\"tabpanel\" class=\"tab-pane \" id=\"tab-3-1777220110824\">[vc_column_text]<\/p>\n<div class=\"vc_tta-panel-body\">\n<div class=\"wpb_text_column wpb_content_element \">\n<div class=\"wpb_wrapper\">\n<h4>Galeria dos Presidentes<\/h4>\n<p><span class=\"st\">Veja abaixo a galeria e o per\u00edodo do mandato dos presidentes da APAE Londrina desde a sua funda\u00e7\u00e3o em 1964.<br \/>\n<\/span><\/p>\n<p>&nbsp;<\/p>\n<p><strong>Carlos Zewe Coimbra<br \/>\n<\/strong>agosto de 1964 \/ novembro de 1967<\/p>\n<hr \/>\n<p><strong>Rita Newberry<br \/>\n<\/strong>novembro de 1967 \/ agosto de 1969<\/p>\n<hr \/>\n<p><strong>Jos\u00e9 H\u00e9lio Luppi<br \/>\n<\/strong>agosto de 1969 \/ julho de 1971<\/p>\n<hr \/>\n<p><strong>Daniel Gon\u00e7alves<br \/>\n<\/strong>julho de 1971 \/ agosto de 1973<\/p>\n<hr \/>\n<p><strong>Juracy Barra<br \/>\n<\/strong>agosto de 1973 \/ agosto de 1974<\/p>\n<hr \/>\n<p><strong>Nassin Jabur<br \/>\n<\/strong>agosto de 1974 \/ agosto de 1975<\/p>\n<hr \/>\n<p><strong>Jacinto Batista de Souza<br \/>\n<\/strong>agosto de 1975 \/ agosto de1981<\/p>\n<hr \/>\n<p><strong>Roberto Rorge Serpa<br \/>\n<\/strong>agosto de1981 \/\u00a0agosto de 1985<\/p>\n<hr \/>\n<p><strong>Juracy Barra<br \/>\n<\/strong>agosto de 1985 \/ agosto de 1987<\/p>\n<hr \/>\n<p><strong>Cris\u00f3stomo Silva Lima<br \/>\n<\/strong>mar\u00e7o de 1987 \/ mar\u00e7o de 1990<\/p>\n<hr \/>\n<p><strong>Jos\u00e9 Carlos dos Reis<br \/>\n<\/strong>mar\u00e7o de 1990 \/ dezembro de 2006<\/p>\n<hr \/>\n<p><strong>Ros\u00e2ngela A. M. Camargo<br \/>\n<\/strong>janeiro de 2007 \/ novembro de 2011<\/p>\n<hr \/>\n<p><strong>Antonio Valdemir Zago<br \/>\n<\/strong>novembro de 2011 \/ junho de 2015<\/p>\n<hr \/>\n<p><strong>Edison Pires<br \/>\n<\/strong>junho de 2015 \/ maio de 2016<\/p>\n<hr \/>\n<p><strong>Antonio Valdemir Zago<br \/>\n<\/strong>maio de 2016 \/ agosto de 2018<\/p>\n<hr \/>\n<p><strong>Carlos Alberto Maricato<br \/>\n<\/strong>agosto de 2018<\/p>\n<\/div>\n<\/div>\n<\/div>\n<p>[\/vc_column_text]<\/div>\n\t    <\/div><!-- Tab panes -->\n    <\/div>\n<\/div>[\/vc_column][\/vc_row]<\/p>\n","protected":false},"excerpt":{"rendered":"<p>[vc_row][vc_column][\/vc_column][\/vc_row]<\/p>\n","protected":false},"author":3,"featured_media":0,"parent":0,"menu_order":0,"comment_status":"closed","ping_status":"closed","template":"","meta":{"_monsterinsights_skip_tracking":false,"_monsterinsights_sitenote_active":false,"_monsterinsights_sitenote_note":"","_monsterinsights_sitenote_category":0,"footnotes":""},"class_list":["post-920","page","type-page","status-publish","hentry"],"aioseo_notices":[],"_links":{"self":[{"href":"https:\/\/www.apaelondrina.com.br\/index.php?rest_route=\/wp\/v2\/pages\/920"}],"collection":[{"href":"https:\/\/www.apaelondrina.com.br\/index.php?rest_route=\/wp\/v2\/pages"}],"about":[{"href":"https:\/\/www.apaelondrina.com.br\/index.php?rest_route=\/wp\/v2\/types\/page"}],"author":[{"embeddable":true,"href":"https:\/\/www.apaelondrina.com.br\/index.php?rest_route=\/wp\/v2\/users\/3"}],"replies":[{"embeddable":true,"href":"https:\/\/www.apaelondrina.com.br\/index.php?rest_route=%2Fwp%2Fv2%2Fcomments&post=920"}],"version-history":[{"count":18,"href":"https:\/\/www.apaelondrina.com.br\/index.php?rest_route=\/wp\/v2\/pages\/920\/revisions"}],"predecessor-version":[{"id":2717,"href":"https:\/\/www.apaelondrina.com.br\/index.php?rest_route=\/wp\/v2\/pages\/920\/revisions\/2717"}],"wp:attachment":[{"href":"https:\/\/www.apaelondrina.com.br\/index.php?rest_route=%2Fwp%2Fv2%2Fmedia&parent=920"}],"curies":[{"name":"wp","href":"https:\/\/api.w.org\/{rel}","templated":true}]}}