{"id":1030,"date":"2018-04-30T09:08:09","date_gmt":"2018-04-30T12:08:09","guid":{"rendered":"https:\/\/www.apaelondrina.com.br\/?page_id=1030"},"modified":"2018-05-22T09:50:40","modified_gmt":"2018-05-22T12:50:40","slug":"saude","status":"publish","type":"page","link":"https:\/\/www.apaelondrina.com.br\/?page_id=1030","title":{"rendered":"APAE Londrina &#8211; Sa\u00fade e Assist\u00eancia"},"content":{"rendered":"<p>[vc_row][vc_column]<div class=\"vc-bootstrap-tabs row\">\n\t\n\t<div class=\"col-xs-12 col-sm-12 col-md-4 col-lg-3\">\n\n\t\t<div class=\"wrap-nav\">\n\n\t\t\t<h4>Conte\u00fados<\/h4>\n\t\t\t\n\t\t\t<ul class=\"nav nav-tabs\" role=\"tablist\">\n\n\t\t        \n<li class=\"nav-tab active\">\n\n    <a href=\"#tab-1-1777474023895\" aria-controls=\"tab-1-1777474023895\" role=\"tab\" data-toggle=\"tab\">\n\n        <i class='zmdi-flower-alt'><\/i>Setor de Fisioterapia    <\/a>\n<\/li>\n\n<li class=\"nav-tab \">\n\n    <a href=\"#tab-2-1777474023876\" aria-controls=\"tab-2-1777474023876\" role=\"tab\" data-toggle=\"tab\">\n\n        <i class='zmdi-flower-alt'><\/i>Setor de Fonoaudiologia    <\/a>\n<\/li>\n\n<li class=\"nav-tab \">\n\n    <a href=\"#tab-3-1777474023507\" aria-controls=\"tab-3-1777474023507\" role=\"tab\" data-toggle=\"tab\">\n\n        <i class='zmdi-flower-alt'><\/i>Setor de Neuropediatria    <\/a>\n<\/li>\n\n<li class=\"nav-tab \">\n\n    <a href=\"#tab-4-1777474023291\" aria-controls=\"tab-4-1777474023291\" role=\"tab\" data-toggle=\"tab\">\n\n        <i class='zmdi-flower-alt'><\/i>Setor de Psicopedagogia    <\/a>\n<\/li>\n\n<li class=\"nav-tab \">\n\n    <a href=\"#tab-5-1777474023670\" aria-controls=\"tab-5-1777474023670\" role=\"tab\" data-toggle=\"tab\">\n\n        <i class='zmdi-flower-alt'><\/i>Setor de Psicologia    <\/a>\n<\/li>\n\n<li class=\"nav-tab \">\n\n    <a href=\"#tab-6-1777474023230\" aria-controls=\"tab-6-1777474023230\" role=\"tab\" data-toggle=\"tab\">\n\n        <i class='zmdi-flower-alt'><\/i>Setor de Servi\u00e7o Social    <\/a>\n<\/li>\n\n<li class=\"nav-tab \">\n\n    <a href=\"#tab-7-1777474023326\" aria-controls=\"tab-7-1777474023326\" role=\"tab\" data-toggle=\"tab\">\n\n        <i class='zmdi-flower-alt'><\/i>Setor de Terapia Ocupacional    <\/a>\n<\/li>\n\n\t\t    <\/ul><!-- Nav tabs -->\n\t    <\/div>\n    <\/div>\n\n    <div class=\"col-xs-12 col-sm-12 col-md-8 col-lg-9\">\n\n\t    <div class=\"tab-content\">\n\n\t        <div role=\"tabpanel\" class=\"tab-pane active\" id=\"tab-1-1777474023895\">[vc_row_inner][vc_column_inner][vc_custom_heading heading_layout=&#8221;custom_heading_1&#8243; text=&#8221;Setor de Fisioterapia&#8221; font_container=&#8221;tag:h2|font_size:32px|text_align:left|color:%23000000&#8243; google_fonts=&#8221;font_family:Roboto%3A100%2C100italic%2C300%2C300italic%2Cregular%2Citalic%2C500%2C500italic%2C700%2C700italic%2C900%2C900italic|font_style:500%20bold%20regular%3A500%3Anormal&#8221; css=&#8221;.vc_custom_1525091930790{margin-bottom: 16px !important;}&#8221;][vc_empty_space][\/vc_column_inner][\/vc_row_inner][vc_tta_accordion c_position=&#8221;right&#8221; active_section=&#8221;4&#8243; collapsible_all=&#8221;true&#8221;][vc_tta_section title=&#8221;Objetivos&#8221; tab_id=&#8221;1524838881262-14c9ce6e-0a93&#8243;][vc_column_text]Promover ao m\u00e1ximo a capacidade motora do paciente, visando seu desenvolvimento, facilitando as atividades de vida di\u00e1ria, utilizando m\u00e9todos e t\u00e9cnicas espec\u00edficas, prestando aux\u00edlio e dando orienta\u00e7\u00f5es a familiares e professores, quando for necess\u00e1rio.[\/vc_column_text][\/vc_tta_section][vc_tta_section title=&#8221;Din\u00e2mica do Setor&#8221; tab_id=&#8221;1524838881270-658372d0-5d8e&#8221;][vc_column_text]O Setor funciona em per\u00edodo integral, sendo que tr\u00eas fisioterapeutas cumprem uma carga hor\u00e1ria total de 80\u00a0 horas semanais, prestando atendimento \u00e0s pessoas da Institui\u00e7\u00e3o e da comunidade. As sess\u00f5es de fisioterapia s\u00e3o realizadas, em m\u00e9dia, 2 vezes na semana por 30 minutos. S\u00e3o realizados atendimentos em sala, em grupo, para observa\u00e7\u00e3o e adequa\u00e7\u00e3o postural dos pacientes.<\/p>\n<p>Basicamente as condutas realizadas para os pacientes atendidos individualmente s\u00e3o:<\/p>\n<ul>\n<li>Estimula\u00e7\u00e3o do desenvolvimento neuro-psicomotor normal;<\/li>\n<li>Normaliza\u00e7\u00e3o de t\u00f4nus;<\/li>\n<li>Alongamentos gerais;<\/li>\n<li>Fortalecimento muscular;<\/li>\n<li>Treino de equil\u00edbrio;<\/li>\n<li>Treino de passagem de posturas;<\/li>\n<li>Ortotatismo com uso de estabilizados;<\/li>\n<li>Treino de marcha com ou sem apoio.<\/li>\n<\/ul>\n<p>\u00c9 not\u00f3rio que, cada paciente segue uma conduta, tra\u00e7ada pelas fisioterapeutas, que \u00e9 executada no decorrer do ano, com o objetivo de melhorar o desenvolvimento motor tendo como meta m\u00e1xima a independ\u00eancia motora.[\/vc_column_text][\/vc_tta_section][vc_tta_section title=&#8221;Atividades Desenvolvidas&#8221; tab_id=&#8221;1524847995738-c6c9472a-0d39&#8243;][vc_column_text]<\/p>\n<ul>\n<li>Avalia\u00e7\u00e3o inicial do paciente;<\/li>\n<li>Planejamento terap\u00eautico e execu\u00e7\u00e3o do mesmo;<\/li>\n<li>Orienta\u00e7\u00e3o aos familiares, estimulando-os a participarem do tratamento de seus filhos;<\/li>\n<li>Encaminhamento de pacientes a outros profissionais para atendimentos complementares;<\/li>\n<\/ul>\n<p>Participa\u00e7\u00e3o em reuni\u00f5es individuais, pedag\u00f3gicas e em reuni\u00f5es de pais e professores respons\u00e1veis pelos pacientes.[\/vc_column_text][\/vc_tta_section][\/vc_tta_accordion]<\/div><div role=\"tabpanel\" class=\"tab-pane \" id=\"tab-2-1777474023876\">[vc_row_inner][vc_column_inner][vc_custom_heading heading_layout=&#8221;custom_heading_1&#8243; text=&#8221;Setor de Fonoaudiologia&#8221; font_container=&#8221;tag:h2|font_size:32px|text_align:left|color:%23000000&#8243; google_fonts=&#8221;font_family:Roboto%3A100%2C100italic%2C300%2C300italic%2Cregular%2Citalic%2C500%2C500italic%2C700%2C700italic%2C900%2C900italic|font_style:500%20bold%20regular%3A500%3Anormal&#8221; css=&#8221;.vc_custom_1525091957884{margin-bottom: 16px !important;}&#8221;][vc_empty_space][\/vc_column_inner][\/vc_row_inner][vc_tta_accordion c_position=&#8221;right&#8221; active_section=&#8221;4&#8243; collapsible_all=&#8221;true&#8221;][vc_tta_section title=&#8221;Objetivos&#8221; tab_id=&#8221;1525091311146-94ed3790-d12b&#8221;][vc_column_text]<\/p>\n<ul>\n<li>Estimular o desenvolvimento dos aspectos cognitivos da linguagem;<\/li>\n<li>Estimular a linguagem oral e\/ou escrita;<\/li>\n<li>Trabalhar a comunica\u00e7\u00e3o oral, associada a comunica\u00e7\u00e3o gr\u00e1fica (consci\u00eancia fonol\u00f3gica);<\/li>\n<li>Introduzir a comunica\u00e7\u00e3o alternativa;<\/li>\n<li>Adequar o sistema motor oral (\u00f3rg\u00e3os fonoarticulat\u00f3rios &#8211; OFAs e fun\u00e7\u00f5es neurovegetativss &#8211; FNVs)<\/li>\n<li>Orientar pais e professores.<\/li>\n<\/ul>\n<p>[\/vc_column_text][\/vc_tta_section][vc_tta_section title=&#8221;Din\u00e2mica do Setor&#8221; tab_id=&#8221;1525091311150-c84b9874-138a&#8221;][vc_column_text]O Setor de fonoaudiologia funciona em per\u00edodo integral com quatro fonoaudi\u00f3logas, perfazendo 72 horas semanais e realizando atendimento individual com dura\u00e7\u00e3o de 30 minutos aos pacientes que frequentam os setores da institui\u00e7\u00e3o; atendimento em sala de aula para orienta\u00e7\u00f5es dirigidas aos professores.[\/vc_column_text][\/vc_tta_section][vc_tta_section title=&#8221;Atividades Desenvolvidas&#8221; tab_id=&#8221;1525091311152-d03e5ee8-9a99&#8243;][vc_column_text]<\/p>\n<ul>\n<li>Triagem diagn\u00f3stica;<\/li>\n<li>Avalia\u00e7\u00e3o Cl\u00ednica;<\/li>\n<li>Solicita\u00e7\u00e3o de exames complementares;<\/li>\n<li>Estudo de casos;<\/li>\n<li>Reavalia\u00e7\u00f5es peri\u00f3dicas;<\/li>\n<li>Orienta\u00e7\u00f5es \u00e0 fam\u00edlia e aos profissionais afins.<\/li>\n<\/ul>\n<p>[\/vc_column_text][\/vc_tta_section][\/vc_tta_accordion]<\/div><div role=\"tabpanel\" class=\"tab-pane \" id=\"tab-3-1777474023507\">[vc_row_inner][vc_column_inner][vc_custom_heading heading_layout=&#8221;custom_heading_1&#8243; text=&#8221;Setor de Neuropediatria&#8221; font_container=&#8221;tag:h2|font_size:32px|text_align:left|color:%23000000&#8243; google_fonts=&#8221;font_family:Roboto%3A100%2C100italic%2C300%2C300italic%2Cregular%2Citalic%2C500%2C500italic%2C700%2C700italic%2C900%2C900italic|font_style:500%20bold%20regular%3A500%3Anormal&#8221; css=&#8221;.vc_custom_1525091981852{margin-bottom: 16px !important;}&#8221;][vc_empty_space][\/vc_column_inner][\/vc_row_inner][vc_tta_accordion c_position=&#8221;right&#8221; active_section=&#8221;4&#8243; collapsible_all=&#8221;true&#8221;][vc_tta_section title=&#8221;Objetivos&#8221; tab_id=&#8221;1525091314808-f7bc3060-3fea&#8221;][vc_column_text]Realizar triagens diagn\u00f3sticas e reavalia\u00e7\u00f5es peri\u00f3dicas nas quais s\u00e3o determinados os diagn\u00f3sticos sindr\u00f4mico e etiol\u00f3gico, o n\u00edvel de desenvolvimento, a presen\u00e7a de deformidades e m\u00e1s forma\u00e7\u00f5es e a presen\u00e7a de defici\u00eancias sensitivas, motoras e de coordena\u00e7\u00e3o.[\/vc_column_text][\/vc_tta_section][vc_tta_section title=&#8221;Din\u00e2mica do Setor&#8221; tab_id=&#8221;1525091314810-5e050125-83cc&#8221;][vc_column_text]A responsabilidade pelo desenvolvimento do trabalho deste setor est\u00e1 a cargo de uma m\u00e9dica neuropediatra, que realiza atendimentos na pr\u00f3pria escola e no consult\u00f3rio sempre que necess\u00e1rio, perfazendo carga hor\u00e1ria mensal de 8 horas atrav\u00e9s de encaminhamento da equipe t\u00e9cnica. As assistentes sociais acompanham os procedimentos, diante da grande demanda para poder auxiliar na devolu\u00e7\u00e3o aos pais.[\/vc_column_text][\/vc_tta_section][vc_tta_section title=&#8221;Atividades Desenvolvidas&#8221; tab_id=&#8221;1525091314816-7a2a4843-fca5&#8243;][vc_column_text]<\/p>\n<ul>\n<li>Triagens diagn\u00f3sticas, atrav\u00e9s de exames cl\u00ednicos gerais;<\/li>\n<li>Estudo de casos, com orienta\u00e7\u00e3o sobre diagn\u00f3stico e conduta espec\u00edfica a cada caso;<\/li>\n<li>Solicita\u00e7\u00e3o de exames complementares quando necess\u00e1rio;<\/li>\n<li>Reavalia\u00e7\u00f5es peri\u00f3dicas dos pacientes atendidos na Institui\u00e7\u00e3o;<\/li>\n<li>Orienta\u00e7\u00f5es individuais aos pais;<\/li>\n<li>Interc\u00e2mbio de informa\u00e7\u00f5es t\u00e9cnicas sobre assuntos diversos;<\/li>\n<li>Acompanhamento de receitas controladas;<\/li>\n<li>Processo de medicamento excepcional.<\/li>\n<\/ul>\n<p>[\/vc_column_text][\/vc_tta_section][\/vc_tta_accordion]<\/div><div role=\"tabpanel\" class=\"tab-pane \" id=\"tab-4-1777474023291\">[vc_row_inner][vc_column_inner][vc_custom_heading heading_layout=&#8221;custom_heading_1&#8243; text=&#8221;Setor de Psicopedagogia&#8221; font_container=&#8221;tag:h2|font_size:32px|text_align:left|color:%23000000&#8243; google_fonts=&#8221;font_family:Roboto%3A100%2C100italic%2C300%2C300italic%2Cregular%2Citalic%2C500%2C500italic%2C700%2C700italic%2C900%2C900italic|font_style:500%20bold%20regular%3A500%3Anormal&#8221; css=&#8221;.vc_custom_1525092043928{margin-bottom: 16px !important;}&#8221;][vc_empty_space][\/vc_column_inner][\/vc_row_inner][vc_tta_accordion c_position=&#8221;right&#8221; active_section=&#8221;4&#8243; collapsible_all=&#8221;true&#8221;][vc_tta_section title=&#8221;Objetivos&#8221; tab_id=&#8221;1525091318330-0514d476-dff5&#8243;][vc_column_text]Estimular e proporcionar condi\u00e7\u00f5es atrav\u00e9s de conte\u00fados educacionais conhecimentos e aprendizagens, possibilitando ao paciente desenvolver seu potencial em todas as \u00e1reas: cognitivas, ps\u00edquica e motora.[\/vc_column_text][\/vc_tta_section][vc_tta_section title=&#8221;Din\u00e2mica do Setor&#8221; tab_id=&#8221;1525091318332-77a4e68f-3905&#8243;][vc_column_text]O Setor Cl\u00ednico atua com um profissional com forma\u00e7\u00e3o em Psicopedagogia no per\u00edodo matutino, com avalia\u00e7\u00f5es e interven\u00e7\u00f5es desenvolvendo atividades de apoio psicopedag\u00f3gico necess\u00e1rios a cada caso.[\/vc_column_text][\/vc_tta_section][vc_tta_section title=&#8221;Atividades Desenvolvidas&#8221; tab_id=&#8221;1525091318334-09f7949d-f32f&#8221;][vc_column_text]<\/p>\n<ul>\n<li>Orienta\u00e7\u00f5es \u00e0s fam\u00edlias sobre o atendimento educacional e t\u00e9cnico a ser executada;<\/li>\n<li>Elabora\u00e7\u00e3o e execu\u00e7\u00e3o de atividades psicopedagogicas com os pacientes atendidos no setor;<\/li>\n<li>Avalia\u00e7\u00e3o peri\u00f3dica do paciente atendido (avaliar do seu desempenho);<\/li>\n<li>Preenchimento das evolu\u00e7\u00f5es e frequ\u00eancia dos pacientes;<\/li>\n<li>Estimula\u00e7\u00e3o visual, auditiva e t\u00e1til;<\/li>\n<li>Estimular a percep\u00e7\u00e3o t\u00e1til;<\/li>\n<li>Estimular a percep\u00e7\u00e3o de cores;<\/li>\n<li>Estimular a percep\u00e7\u00e3o musical e recreativa atrav\u00e9s da express\u00e3o verbal, corporal, aten\u00e7\u00e3o e mem\u00f3ria;<\/li>\n<li>Proporcionar situa\u00e7\u00f5es de intera\u00e7\u00f5es sociais que propiciem o desenvolvimento cognitivo;<\/li>\n<li>Propiciar condi\u00e7\u00f5es que favore\u00e7am auto estima e confian\u00e7a no paciente de modo a torn\u00e1-lo mais independente;<\/li>\n<li>Auxiliar na locomo\u00e7\u00e3o, acompanhando ou apoiando caso haja necessidade;<\/li>\n<li>Fazer treino de alimenta\u00e7\u00e3o, objetivando torn\u00e1-lo independente;<\/li>\n<li>Fazer treino de banheiro (controle do xixi) auto- cuidados (higiene pessoal, bocal);<\/li>\n<li>Estimular a comunica\u00e7\u00e3o verbal, a compreens\u00e3o, interpreta\u00e7\u00e3o, id\u00e9ias, pensamentos de sua vida di\u00e1ria;<\/li>\n<li>Estimular a express\u00e3o corporal: dan\u00e7a e movimento, visando o conhecer e reconhecer de seu corpo e sua coordena\u00e7\u00e3o motora;<\/li>\n<li>Trabalhar as dificuldades acad\u00eamicas do paciente, dando assim, apoio pedag\u00f3gico, para que o mesmo possa se desenvolver dentro de seus limites;<\/li>\n<li>Trabalhar, com o paciente, jogos pedag\u00f3gicos como: domin\u00f3, quebra-cabe\u00e7a, jogo de mem\u00f3ria e sequ\u00eancia l\u00f3gica; possibilitando desenvolver sua aten\u00e7\u00e3o, mem\u00f3ria e concentra\u00e7\u00e3o.<\/li>\n<\/ul>\n<p>[\/vc_column_text][\/vc_tta_section][\/vc_tta_accordion]<\/div><div role=\"tabpanel\" class=\"tab-pane \" id=\"tab-5-1777474023670\">[vc_row_inner][vc_column_inner][vc_custom_heading heading_layout=&#8221;custom_heading_1&#8243; text=&#8221;Setor de Psicologia&#8221; font_container=&#8221;tag:h2|font_size:32px|text_align:left|color:%23000000&#8243; google_fonts=&#8221;font_family:Roboto%3A100%2C100italic%2C300%2C300italic%2Cregular%2Citalic%2C500%2C500italic%2C700%2C700italic%2C900%2C900italic|font_style:500%20bold%20regular%3A500%3Anormal&#8221; css=&#8221;.vc_custom_1525092062916{margin-bottom: 16px !important;}&#8221;][vc_empty_space][\/vc_column_inner][\/vc_row_inner][vc_tta_accordion c_position=&#8221;right&#8221; active_section=&#8221;4&#8243; collapsible_all=&#8221;true&#8221;][vc_tta_section title=&#8221;Objetivos&#8221; tab_id=&#8221;1525091321914-2fa1b39b-7db1&#8243;][vc_column_text]<\/p>\n<ul>\n<li>Auxiliar o paciente na compreens\u00e3o do seu desenvolvimento em grupo e\/ou individualmente;<\/li>\n<li>Encaminhar os pacientes para atendimentos adequados e\/ou complementares;<\/li>\n<li>Acompanhar o desenvolvimento dos pacientes nas diversas etapas de aprendizado, inclusive ap\u00f3s o desligamento da escola por inser\u00e7\u00e3o no mercado de trabalho, ou no ensino regular com a finalidade de orientar os profissionais da equipe multidisciplinar, a fam\u00edlia e o pr\u00f3prio paciente;<\/li>\n<li>Incentivar o envolvimento familiar no processo ensino\/aprendizagem do paciente;<\/li>\n<li>Conscientizar empres\u00e1rios a respeito da m\u00e3o-de-obra da pessoa com defici\u00eancia.<\/li>\n<\/ul>\n<p>[\/vc_column_text][\/vc_tta_section][vc_tta_section title=&#8221;Din\u00e2mica do Setor&#8221; tab_id=&#8221;1525091321918-4a655583-f296&#8243;][vc_column_text]O setor de psicologia funciona nos per\u00edodos matutino e vespertino, contando com tr\u00eas psic\u00f3logas que cumprem uma carga hor\u00e1ria semanal de 84 horas, sendo divididas: 40 horas para o Setor Escolar, que atende a 119 alunos e 44 horas para o Setor de Educa\u00e7\u00e3o Profissional com 177 alunos.<\/p>\n<p>O trabalho se d\u00e1 atrav\u00e9s de avalia\u00e7\u00f5es diagn\u00f3sticas, acompanhamento e observa\u00e7\u00e3o dos pacientes em sala de aula e ambiente extra-sala, acompanhamento dos aprendizes a est\u00e1gios no mercado de trabalho e visitas domiciliares.<\/p>\n<p>S\u00e3o feitas orienta\u00e7\u00f5es semanais aos pacientes dos setores escolar e profissionalizante, individualmente ou em grupo, conforme a necessidade.<\/p>\n<p>Tamb\u00e9m s\u00e3o realizadas orienta\u00e7\u00f5es a professores individualmente atrav\u00e9s de discuss\u00f5es de casos, acompanhamento das atividades em sala de aula e em grupo nas reuni\u00f5es pedag\u00f3gicas, assim como de profissionais da equipe t\u00e9cnica quando necess\u00e1rio.<\/p>\n<p>Os pais recebem orienta\u00e7\u00e3o individualmente quando necess\u00e1rio, tratando-se sempre de temas relacionados ao desenvolvimento e comportamento dos filhos e suas condutas.<\/p>\n<p>S\u00e3o realizadas avalia\u00e7\u00f5es dos pacientes nos programas e estes foram encaminhados quando necess\u00e1rio aos atendimentos adequados e\/ou complementares como: Ensino Regular, Psicoterapia, Psiquiatria, Neuropediatria, Oftalmologia, Nutricionista, etc.[\/vc_column_text][\/vc_tta_section][vc_tta_section title=&#8221;Atividades Desenvolvidas&#8221; tab_id=&#8221;1525091321924-02cc05f4-c10b&#8221;][vc_column_text]<\/p>\n<ul>\n<li>Realiza\u00e7\u00e3o de psicodiagn\u00f3stico;<\/li>\n<li>Elabora\u00e7\u00e3o de relat\u00f3rios de encaminhamentos de transfer\u00eancia, bem como laudos e relat\u00f3rios para diversos fins;<\/li>\n<li>Participa\u00e7\u00e3o em reuni\u00f5es pedag\u00f3gicas, setoriais, t\u00e9cnicas, extra-escolares e de orienta\u00e7\u00e3o para pais (gerais ou individuais);<\/li>\n<li>Desenvolvimento do trabalho com equipe interdisciplinar semestralmente, discutindo junto a ela quest\u00f5es relacionadas aos pacientes;<\/li>\n<li>Participa\u00e7\u00e3o em Conselhos de Classe;<\/li>\n<li>Atendimento a professores e t\u00e9cnicos, orientando em todo o processo de ensino, sobre desenvolvimento e conduta dos pacientes, assim como sobre temas relacionados \u00e0 sexualidade, relacionamento interpessoal, etc.,<\/li>\n<li>Participa\u00e7\u00e3o na elabora\u00e7\u00e3o de programas e turmas;<\/li>\n<li>Visitas domiciliares;<\/li>\n<li>Acompanhamento de paciente encaminhados para o ensino regular;<\/li>\n<li>Encaminhamento e acompanhamento dos pacientes em est\u00e1gios no Mercado de Trabalho ou j\u00e1 contratados.<\/li>\n<li>Atendimento aos pacientes individualmente e em grupo com o objetivo de:<\/li>\n<\/ul>\n<p style=\"padding-left: 30px;\">&#8211; Orientar sobre relacionamento interpessoal: amizade, namoro, casamento;<\/p>\n<p style=\"padding-left: 30px;\">&#8211; Orientar sobre comportamentos aceitos socialmente;<\/p>\n<p style=\"padding-left: 30px;\">&#8211; Conscientizar sobre desenvolvimento da sexualidade com temas relacionados \u00e0 Educa\u00e7\u00e3o Sexual;<\/p>\n<p style=\"padding-left: 30px;\">&#8211; Orientar sobre quest\u00f5es relacionadas ao Trabalho, como: profiss\u00f5es, posturas adequadas no trabalho, procedimento adequado para solicita\u00e7\u00e3o de emprego, e treinamento da fun\u00e7\u00e3o de empacotador, etc..<\/p>\n<p style=\"padding-left: 30px;\">&#8211; Orientar sobre quest\u00f5es relacionadas \u00e0 Drogadi\u00e7\u00e3o, como: tipos de drogas, seu efeito, etc.;<\/p>\n<ul>\n<li>Acompanhamento a estagi\u00e1rios do curso de Psicologia da UEL, UNIFIL;<\/li>\n<li>Acompanhamento de pessoas da comunidade em visita \u00e0 escola;<\/li>\n<li>Acompanhamento de pacientes em atividades festivas e extra-escolares.<\/li>\n<\/ul>\n<p>[\/vc_column_text][\/vc_tta_section][\/vc_tta_accordion]<\/div><div role=\"tabpanel\" class=\"tab-pane \" id=\"tab-6-1777474023230\">[vc_row_inner][vc_column_inner][vc_custom_heading heading_layout=&#8221;custom_heading_1&#8243; text=&#8221;Setor de Servi\u00e7o Social&#8221; font_container=&#8221;tag:h2|font_size:32px|text_align:left|color:%23000000&#8243; google_fonts=&#8221;font_family:Roboto%3A100%2C100italic%2C300%2C300italic%2Cregular%2Citalic%2C500%2C500italic%2C700%2C700italic%2C900%2C900italic|font_style:500%20bold%20regular%3A500%3Anormal&#8221; css=&#8221;.vc_custom_1525092107374{margin-bottom: 16px !important;}&#8221;][vc_empty_space][\/vc_column_inner][\/vc_row_inner][vc_tta_accordion c_position=&#8221;right&#8221; active_section=&#8221;4&#8243; collapsible_all=&#8221;true&#8221;][vc_tta_section title=&#8221;Objetivos&#8221; tab_id=&#8221;1525091325924-de9a3b69-88ae&#8221;][vc_column_text]O Setor de Servi\u00e7o Social da APAE de Londrina, na sua interven\u00e7\u00e3o profissional, procura promover condi\u00e7\u00f5es que atendam as necessidades humanas b\u00e1sicas e o pleno desenvolvimento do aluno e paciente com defici\u00eancia intelectual e seu grupo familiar. Busca-se orientar e informar as fam\u00edlias quanto aos seus direitos, para que possam conviver integradas \u00e0 sociedade, de acordo com os princ\u00edpios constitucionais, que garantam plenas condi\u00e7\u00f5es de cidadania. O Servi\u00e7o Social, por outro lado, atua tamb\u00e9m na presta\u00e7\u00e3o de servi\u00e7o a n\u00edvel comunit\u00e1rio, como facilitador do acesso aos recursos oferecidos e esclarecimentos aos empres\u00e1rios e futuros empregadores da inclus\u00e3o de pessoas com defici\u00eancia no mercado de trabalho.[\/vc_column_text][\/vc_tta_section][vc_tta_section title=&#8221;Din\u00e2mica do Setor&#8221; tab_id=&#8221;1525091325926-b881cb87-66d2&#8243;][vc_column_text]<b>Estrutura e Din\u00e2mica de Trabalho<\/b><\/p>\n<p>O Setor de Servi\u00e7o Social trabalha com duas assistentes sociais, cada uma das profissionais com carga hor\u00e1ria de 30 horas semanais, sendo distribu\u00eddas entre o Setor Escolar (faixa et\u00e1ria de 0 \u00e0 16 anos) e o Setor Profissionalizante (a partir dos 17 anos).<\/p>\n<p><b>Atua\u00e7\u00e3o do Servi\u00e7o Social no Setor Escolar<\/b><\/p>\n<p>O Servi\u00e7o Social procura fazer com que a fam\u00edlia participe do processo educacional de seu filho. O Objetivo \u00e9 orientar e informar as mesmas sobre quest\u00f5es pertinentes ao setor; ou seja, o Servi\u00e7o Social\u00a0 Escolar interv\u00e9m visando criar meios para efetivar a organiza\u00e7\u00e3o e mobiliza\u00e7\u00e3o da fam\u00edlia e da comunidade envolvida empenhados no desenvolvimento do aluno.<\/p>\n<p>Procura-se mobilizar os familiares para que participem nas diferentes etapas do processo de aprendizado da demanda atendida.<\/p>\n<p>Atua\u00e7\u00e3o do Servi\u00e7o Social no Setor Profissionalizante: o trabalho \u00e9 a forma pela qual o indiv\u00edduo atua na sociedade de acordo com a Organiza\u00e7\u00e3o Internacional do Trabalho. Ao se tratar a quest\u00e3o do emprego para a pessoa com defici\u00eancia, devemos buscar uma atividade economicamente rent\u00e1vel, que corresponda n\u00e3o tanto \u00e0s defici\u00eancias, mas as suas aptid\u00f5es e ao seu potencial.<\/p>\n<p>O trabalho exerce uma a\u00e7\u00e3o educativa sobre o homem para a maioria das pessoas, significa o meio de prover as suas necessidades b\u00e1sicas, sentir-se \u00fatil e produtivo, o que contribuiu para sua autovaloriza\u00e7\u00e3o, uma oportunidade de conv\u00edvio com companheiros, o sentimento de pertencer a um grupo.<\/p>\n<p>A a\u00e7\u00e3o do Servi\u00e7o Social se faz presente juntamente com a psic\u00f3loga em todas as etapas do processo de prepara\u00e7\u00e3o para o trabalho, desde a entrevista at\u00e9 a coloca\u00e7\u00e3o e o seguimento, atrav\u00e9s da abordagem individual e grupal ou junto a institui\u00e7\u00f5es e empresas.<\/p>\n<p>A fam\u00edlia \u00e9 muito importante neste processo, \u00e9 imprescind\u00edvel, sua participa\u00e7\u00e3o no desenvolvimento dos aprendizes e na cria\u00e7\u00e3o de condi\u00e7\u00f5es favor\u00e1veis, \u00e0 sua integra\u00e7\u00e3o nos diversos ambientes sociais onde ir\u00e3o viver (fam\u00edlia, amigos, trabalho, lazer e outros).<\/p>\n<p>Uma atividade tamb\u00e9m importante \u00e9 a sensibiliza\u00e7\u00e3o e esclarecimento a empres\u00e1rios a respeito do potencial de trabalho dos aprendizes, efetuando an\u00e1lises das ocupa\u00e7\u00f5es oferecidas e propiciando abertura para a coloca\u00e7\u00e3o. Um dos objetivos \u00e9 levar o empres\u00e1rio a valorizar o trabalho do aprendiz, pela sua real qualidade e n\u00e3o pela piedade que a sua defici\u00eancia possa suscitar.<\/p>\n<p>Durante o per\u00edodo de est\u00e1gio a Assistente Social, juntamente com a equipe t\u00e9cnica, supervisiona periodicamente o trabalho dos estagi\u00e1rios, oferecendo orienta\u00e7\u00f5es quanto ao desempenho e conduta, desenvolvendo atividades de aconselhamento junto aos treinamentos e aos familiares. Esse per\u00edodo \u00e9 decisivo, pois dele depende a coloca\u00e7\u00e3o, momento esse em que os contatos com os empres\u00e1rios dever\u00e3o estar em fase final, para que haja solu\u00e7\u00e3o de continuidade entre o est\u00e1gio e a coloca\u00e7\u00e3o.<\/p>\n<p>Enquanto SUS, o Servi\u00e7o Social, realizou acompanhamentos, encaminhamentos e orienta\u00e7\u00f5es familiares dos pacientes, de uma forma sistem\u00e1tica e cont\u00ednua, obedecendo procedimentos\u00a0 burocr\u00e1ticos estabelecidos pela sa\u00fade, ou seja, regras quantitativas: acompanhamentos, evolu\u00e7\u00f5es e frequ\u00eancias. Orientou e acompanhou a quest\u00e3o de receitas e medica\u00e7\u00f5es de uso cont\u00ednuo para os usu\u00e1rios (pacientes) desta Institui\u00e7\u00e3o visando o desenvolvimento e o comportamento dos mesmos.<\/p>\n<p>Durante o ano o Servi\u00e7o Social acompanha os professores sistematicamente com rela\u00e7\u00e3o a problemas dos alunos e familiares.[\/vc_column_text][\/vc_tta_section][vc_tta_section title=&#8221;Atividades Desenvolvidas&#8221; tab_id=&#8221;1525091325928-98a49ffd-8ce1&#8243;][vc_column_text]<strong>Reuni\u00f5es<\/strong><\/p>\n<p>O Setor de Servi\u00e7o Social participa de reuni\u00f5es de equipe t\u00e9cnica, reuni\u00f5es pedag\u00f3gicas e de pais previstas pelo calend\u00e1rio escolar e pelas normas da Institui\u00e7\u00e3o.<\/p>\n<p>Participa de reuni\u00f5es representando o Servi\u00e7os S\u00f3cio Assistenciais n\u00e3o governamentais, Prote\u00e7\u00e3o Social B\u00e1sica no Conselho Municipal da Assist\u00eancia Social (CMAS), na discuss\u00e3o do transporte adaptado para a pessoa com defici\u00eancia (PCD), e junto com a Promotoria de Defesa da PCD, discutindo temas relacionados a acessibilidade para pessoa com defici\u00eancia. Participa de reuni\u00f5es ordin\u00e1rias e extraordin\u00e1rias do conselho Municipal dos Diretos da Pessoa com Defici\u00eancia.<\/p>\n<p><strong>Visitas<\/strong><\/p>\n<p>As visitas domiciliares foram realizadas quando se fizeram necess\u00e1rias, em casos de doen\u00e7as, faltas, altera\u00e7\u00f5es comportamentais, problemas de higiene e outras constata\u00e7\u00f5es.<\/p>\n<p><strong>Encaminhamentos<\/strong><\/p>\n<p>O Setor Social procura encaminhar e orientar toda a demanda aos recursos da comunidade, quando solicitado. Atua com o prop\u00f3sito de direcionar alunos que tenham o tempo ocioso para projeto de sua comunidade, visando proporcionar-lhes atividades que possam contribuir em sua forma\u00e7\u00e3o. O Setor Social analisa e encaminha todo o processo de passes livre (Cart\u00e3o), e ainda solicita processos de carteira de passes Interestadual, e o Benef\u00edcio da Presta\u00e7\u00e3o Continuada &#8211; BPC aos alunos enquadrados pela LOAS. Entre outros encaminhamentos, m\u00e9dicos de diversas especialidades e nutricionista, hidroterapia, al\u00e9m de tratamentos odontol\u00f3gicos. Ocorrem interfer\u00eancias tamb\u00e9m para obten\u00e7\u00e3o de\u00a0 Carteira de Identidade, CPF, processo de curatela e alistamento militar.\u00a0 Encaminha e acompanha pacientes em atendimentos neurol\u00f3gicos etc.<\/p>\n<p><strong>Contatos<\/strong><\/p>\n<p>S\u00e3o realizados contatos com segmentos da sociedade e \u00f3rg\u00e3os p\u00fablicos, para a abertura de canais de encaminhamento de nossa clientela. Dentre os recursos pleiteados, est\u00e3o inclu\u00eddas as doa\u00e7\u00f5es para atender as necessidades de fam\u00edlias carentes. O Setor Social inicia, tamb\u00e9m, trabalhos visando maior intera\u00e7\u00e3o com a Universidade Estadual de Londrina (UEL), cuja meta \u00e9 o melhor aproveitamento dos recursos oferecidos por esta institui\u00e7\u00e3o de ensino superior. Contatos s\u00e3o estabelecidos ainda com as fam\u00edlias dos alunos, visando solucionar problemas detectados em sua rela\u00e7\u00e3o com a Institui\u00e7\u00e3o, sobretudo no que se refere as faltas. Outros contatos s\u00e3o realizados com as fam\u00edlias referente ao tratamento Neurol\u00f3gico nesta Institui\u00e7\u00e3o facilitando o encaminhamento para os devidos exames e a obten\u00e7\u00e3o de receitas de medicamentos de uso cont\u00ednuo.<\/p>\n<p><strong>Acompanhamentos<\/strong><\/p>\n<p>O Setor Social atua no levantamento de casos que necessitam de avalia\u00e7\u00e3o da especialidade de Dermatologia no Hospital das Cl\u00ednicas (HC), de forma a buscar o equacionamento de problemas que surjam na referida \u00e1rea. Pequenos acidentes e outros problemas de sa\u00fade com alunos no per\u00edodo de aula s\u00e3o acompanhados pelo Setor Social, quando encaminhados para o Hospital Universit\u00e1rio (HU) e Hospital Ortop\u00e9dico. Casos que necessitam de aten\u00e7\u00e3o especial tamb\u00e9m s\u00e3o inclu\u00eddos entre as atividades.<\/p>\n<p><strong>Participa\u00e7\u00e3o<\/strong><\/p>\n<p>Participa\u00e7\u00e3o dos t\u00e9cnicos do Setor do Servi\u00e7o Social em Confer\u00eancias Regionais, Conselhos, Cursos, Eventos e Reuni\u00f5es<\/p>\n<p>O Setor colabora, quando solicitado, do acompanhamento a passeios e recrea\u00e7\u00f5es que visam o\u00a0 desenvolvimento dos alunos.<\/p>\n<p><strong>Concess\u00e3o de Benef\u00edcios<\/strong><\/p>\n<p>Distribui\u00e7\u00e3o de roupas, alimentos e medicamentos para as fam\u00edlias necessitadas.<\/p>\n<p><strong>Promo\u00e7\u00f5es para Eventos Internos na Escola<\/strong><\/p>\n<p>O Setor Social colabora na organiza\u00e7\u00e3o das seguintes festividades: Semana do Excepcional; com socializa\u00e7\u00e3o e lazer. V\u00e1rios contatos s\u00e3o realizados referente a comemora\u00e7\u00e3o na semana do dia da crian\u00e7a proporcionando passeios e atividades aos alunos.<\/p>\n<p><strong>Atendimento Individual<\/strong><\/p>\n<p>S\u00e3o feitas orienta\u00e7\u00f5es referente a:<\/p>\n<ul>\n<li>Higiene, documenta\u00e7\u00e3o, trabalho, frequ\u00eancias, entre outros<\/li>\n<li>Orienta\u00e7\u00e3o e Aconselhamento familiar<\/li>\n<li>Processo de Curatela<\/li>\n<li>Documentos<\/li>\n<\/ul>\n<p>[\/vc_column_text][\/vc_tta_section][\/vc_tta_accordion]<\/div><div role=\"tabpanel\" class=\"tab-pane \" id=\"tab-7-1777474023326\">[vc_row_inner][vc_column_inner][vc_custom_heading heading_layout=&#8221;custom_heading_1&#8243; text=&#8221;Setor de Terapia Ocupacional&#8221; font_container=&#8221;tag:h2|font_size:32px|text_align:left|color:%23000000&#8243; google_fonts=&#8221;font_family:Roboto%3A100%2C100italic%2C300%2C300italic%2Cregular%2Citalic%2C500%2C500italic%2C700%2C700italic%2C900%2C900italic|font_style:500%20bold%20regular%3A500%3Anormal&#8221; css=&#8221;.vc_custom_1525092129688{margin-bottom: 16px !important;}&#8221;][vc_empty_space][\/vc_column_inner][\/vc_row_inner][vc_tta_accordion c_position=&#8221;right&#8221; active_section=&#8221;4&#8243; collapsible_all=&#8221;true&#8221;][vc_tta_section title=&#8221;Objetivos&#8221; tab_id=&#8221;1525091330344-6dac4009-3ded&#8221;][vc_column_text]O Setor de Terapia Ocupacional tem por objetivos desenvolver os pacientes de forma global, observando a \u00e1rea f\u00edsica e neuropsicosocial, desenvolvendo sua AVDS e AVPS, promovendo a adequa\u00e7\u00e3o postural dos pacientes\u00a0 nos diversos ambientes que envolvam o cotidiano escolar e havendo necessidade adaptar o ambiente domiciliar, visando a maior independ\u00eancia poss\u00edvel \u00e0 pessoa com defici\u00eancia intelectual m\u00faltiplas em suas atividades de\u00a0 vida di\u00e1ria, assim como, orientar pais e professores.<\/p>\n<p>Todas as atividades acima citadas ir\u00e3o prevenir incapacidades, atraso no desenvolvimento, bem como um melhor desempenho funcional, levando assim a aquisi\u00e7\u00f5es de uma autonomia, independ\u00eancia e participa\u00e7\u00e3o desses pacientes nos moldes desej\u00e1veis.[\/vc_column_text][\/vc_tta_section][vc_tta_section title=&#8221;Din\u00e2mica do Setor&#8221; tab_id=&#8221;1525091330346-e6543b7e-174f&#8221;][vc_column_text]O setor de Terapia Ocupacional, conta com dois terapeutas. A atua\u00e7\u00e3o se estabelece atrav\u00e9s de terapias individuais e\/ou grupal e dentro da sala de aula, transmitindo a esses professores orienta\u00e7\u00f5es que permitam a facilita\u00e7\u00e3o da execu\u00e7\u00e3o das atividades de vida di\u00e1ria, posicionamentos, passagens de postura, e estimula\u00e7\u00e3o do desenvolvimento neuropsicomotor do paciente, visando um manuseio adequado que propicie as atividades cotidianas, familiar e escolar.<\/p>\n<p>Avalia\u00e7\u00f5es e adapta\u00e7\u00f5es de mobili\u00e1rios e utens\u00edlios em geral s\u00e3o realizadas para que os mesmos permitam tal postura e mobilidade o paciente durante o desenvolvimento das atividades.[\/vc_column_text][\/vc_tta_section][vc_tta_section title=&#8221;Atividades Desenvolvidas&#8221; tab_id=&#8221;1525091330346-e0c04f16-2e40&#8243;][vc_column_text]No decorrer da realiza\u00e7\u00e3o do trabalho, para o atendimento dos objetivos realizados, um grupo de atividades \u00e9 desenvolvido, almejando a maximiza\u00e7\u00e3o da inser\u00e7\u00e3o social do paciente atendido. Tais atividades s\u00e3o:<\/p>\n<ul>\n<li>Avalia\u00e7\u00e3o e evolu\u00e7\u00e3o de pacientes;<\/li>\n<li>Orienta\u00e7\u00e3o aos professores quanto ao posicionamento dos pacientes e manuseios facilitadores;<\/li>\n<li>Orienta\u00e7\u00e3o aos pais quanto \u00e0s adapta\u00e7\u00f5es domiciliares, posicionamentos e estimula\u00e7\u00e3o;<\/li>\n<li>Avalia\u00e7\u00e3o e orienta\u00e7\u00e3o quanto ao uso de \u00f3rteses funcionais e de posicionamento para membros superiores e membros inferiores, visando a preven\u00e7\u00e3o de contraturas e deformidades;<\/li>\n<li>Adequa\u00e7\u00e3o dos mobili\u00e1rios necess\u00e1rios para a acomoda\u00e7\u00e3o dos alunos em sala e treinamento de AVD (Atividades de Vida Di\u00e1ria), bem como orienta\u00e7\u00e3o para melhor execu\u00e7\u00e3o;<\/li>\n<li>Adapta\u00e7\u00e3o de mobili\u00e1rios;<\/li>\n<li>Realiza\u00e7\u00e3o de visitas domiciliares para orienta\u00e7\u00e3o e adequa\u00e7\u00e3o do ambiente familiar, a fim de promover melhor qualidade de vida ao cuidador e a crian\u00e7a;<\/li>\n<li>Participa\u00e7\u00e3o em reuni\u00f5es t\u00e9cnicas para estudo de casos;<\/li>\n<li>Participa\u00e7\u00e3o em reuni\u00f5es pedag\u00f3gicas;<\/li>\n<li>Atendimento cl\u00ednico individualizado com dura\u00e7\u00e3o de 30 minutos oferecido pelo setor de Terapia Ocupacional;<\/li>\n<li>Acompanhamento do terapeuta durante o per\u00edodo do lanche para poss\u00edveis orienta\u00e7\u00f5es e adapta\u00e7\u00f5es em utens\u00edlios, mesas e cadeiras do refeit\u00f3rio.<\/li>\n<\/ul>\n<p>[\/vc_column_text][\/vc_tta_section][\/vc_tta_accordion]<\/div>\n\t    <\/div><!-- Tab panes -->\n    <\/div>\n<\/div>[\/vc_column][\/vc_row]<\/p>\n","protected":false},"excerpt":{"rendered":"<p>[vc_row][vc_column][\/vc_column][\/vc_row]<\/p>\n","protected":false},"author":3,"featured_media":0,"parent":0,"menu_order":0,"comment_status":"closed","ping_status":"closed","template":"","meta":{"_monsterinsights_skip_tracking":false,"_monsterinsights_sitenote_active":false,"_monsterinsights_sitenote_note":"","_monsterinsights_sitenote_category":0,"footnotes":""},"class_list":["post-1030","page","type-page","status-publish","hentry"],"aioseo_notices":[],"_links":{"self":[{"href":"https:\/\/www.apaelondrina.com.br\/index.php?rest_route=\/wp\/v2\/pages\/1030"}],"collection":[{"href":"https:\/\/www.apaelondrina.com.br\/index.php?rest_route=\/wp\/v2\/pages"}],"about":[{"href":"https:\/\/www.apaelondrina.com.br\/index.php?rest_route=\/wp\/v2\/types\/page"}],"author":[{"embeddable":true,"href":"https:\/\/www.apaelondrina.com.br\/index.php?rest_route=\/wp\/v2\/users\/3"}],"replies":[{"embeddable":true,"href":"https:\/\/www.apaelondrina.com.br\/index.php?rest_route=%2Fwp%2Fv2%2Fcomments&post=1030"}],"version-history":[{"count":8,"href":"https:\/\/www.apaelondrina.com.br\/index.php?rest_route=\/wp\/v2\/pages\/1030\/revisions"}],"predecessor-version":[{"id":1474,"href":"https:\/\/www.apaelondrina.com.br\/index.php?rest_route=\/wp\/v2\/pages\/1030\/revisions\/1474"}],"wp:attachment":[{"href":"https:\/\/www.apaelondrina.com.br\/index.php?rest_route=%2Fwp%2Fv2%2Fmedia&parent=1030"}],"curies":[{"name":"wp","href":"https:\/\/api.w.org\/{rel}","templated":true}]}}